{"id":549,"date":"2021-02-02T18:09:47","date_gmt":"2021-02-02T18:09:47","guid":{"rendered":"https:\/\/zieglerwiesner.de\/?page_id=549"},"modified":"2021-02-03T11:32:31","modified_gmt":"2021-02-03T11:32:31","slug":"programme","status":"publish","type":"page","link":"https:\/\/zieglerwiesner.de\/?page_id=549","title":{"rendered":"Programme"},"content":{"rendered":"<div id=\"pl-549\"  class=\"panel-layout\" >\n<div id=\"pg-549-0\"  class=\"panel-grid panel-no-style\"  data-style=\"{&quot;background_image_attachment&quot;:false,&quot;background_display&quot;:&quot;tile&quot;,&quot;cell_alignment&quot;:&quot;flex-start&quot;}\"  data-ratio=\"1\"  data-ratio-direction=\"right\" >\n<div id=\"pgc-549-0-0\"  class=\"panel-grid-cell\"  data-weight=\"0.33333333333333\" >\n<div id=\"panel-549-0-0-0\" class=\"so-panel widget widget_circleicon-widget panel-first-child\" data-index=\"0\" data-style=\"{&quot;background_image_attachment&quot;:false,&quot;background_display&quot;:&quot;tile&quot;}\" >\t\t<div class=\"circle-icon-box circle-icon-position-top circle-icon-hide-box circle-icon-size-small \">\n\t\t\t\t\t\t\t<div class=\"circle-icon-wrapper\">\n\t\t\t\t\t\t\t\t\t\t<a href=\"https:\/\/zieglerwiesner.de\/wp-content\/uploads\/2021\/01\/Richard-Wagner-auf-der-Flucht.pdf\" class=\"link-icon\" target=\"_blank\">\t\t\t\t\t<div class=\"circle-icon icon-style-set\" style=\"background-image: url(https:\/\/zieglerwiesner.de\/wp-content\/uploads\/2021\/01\/IMG_3421resize.jpg)\">\n\t\t\t\t\t\t\t\t\t\t\t<\/div> \n\t\t\t\t\t<\/a>\t\t\t\t<\/div>\n\t\t\t\n\t\t\t\t\t\t\t<a href=\"https:\/\/zieglerwiesner.de\/wp-content\/uploads\/2021\/01\/Richard-Wagner-auf-der-Flucht.pdf\" class=\"link-title\" target=\"_blank\">\n\t\t\t\t\t\t\t\t\t\t<h4 >\n\t\t\t\t\tRichard Wagner auf der Flucht\t\t\t\t<\/h4>\n\t\t\t\t\t\t\t\t\t\t<\/a>\n\t\t\t\n\t\t\t\t\t\t\t\t\t\t<a href=\"https:\/\/zieglerwiesner.de\/wp-content\/uploads\/2021\/01\/Richard-Wagner-auf-der-Flucht.pdf\" class=\"more-button\" target=\"_blank\">Wagner im Schweizer Exil - mit Werken ihm freundschaftlich verbundener Komponisten in Z\u00fcrich <i><\/i><\/a>\n\t\t\t\t\t<\/div>\n\t\t<\/div>\n<div id=\"panel-549-0-0-1\" class=\"so-panel widget widget_circleicon-widget panel-last-child\" data-index=\"1\" data-style=\"{&quot;background_image_attachment&quot;:false,&quot;background_display&quot;:&quot;tile&quot;}\" >\t\t<div class=\"circle-icon-box circle-icon-position-top circle-icon-hide-box circle-icon-size-small \">\n\t\t\t\t\t\t\t<div class=\"circle-icon-wrapper\">\n\t\t\t\t\t\t\t\t\t\t<a href=\"https:\/\/zieglerwiesner.de\/wp-content\/uploads\/2021\/01\/Die-schoene-Muellerin-ihre-Sicht.pdf\" class=\"link-icon\" target=\"_blank\">\t\t\t\t\t<div class=\"circle-icon icon-style-set\" style=\"background-image: url(https:\/\/zieglerwiesner.de\/wp-content\/gallery\/galerie\/repertoire.jpg)\">\n\t\t\t\t\t\t\t\t\t\t\t<\/div> \n\t\t\t\t\t<\/a>\t\t\t\t<\/div>\n\t\t\t\n\t\t\t\t\t\t\t<a href=\"https:\/\/zieglerwiesner.de\/wp-content\/uploads\/2021\/01\/Die-schoene-Muellerin-ihre-Sicht.pdf\" class=\"link-title\" target=\"_blank\">\n\t\t\t\t\t\t\t\t\t\t<h4 >\n\t\t\t\t\tDie sch\u00f6ne M\u00fcllerin &#8211; ihre Sicht\t\t\t\t<\/h4>\n\t\t\t\t\t\t\t\t\t\t<\/a>\n\t\t\t\n\t\t\t\t\t\t\t\t\t\t<a href=\"https:\/\/zieglerwiesner.de\/wp-content\/uploads\/2021\/01\/Die-schoene-Muellerin-ihre-Sicht.pdf\" class=\"more-button\" target=\"_blank\">Brahms Lieder, die die Sicht der M\u00fcllertochter schildern <i><\/i><\/a>\n\t\t\t\t\t<\/div>\n\t\t<\/div>\n<\/div>\n<div id=\"pgc-549-0-1\"  class=\"panel-grid-cell\"  data-weight=\"0.33333333333333\" >\n<div id=\"panel-549-0-1-0\" class=\"so-panel widget widget_circleicon-widget panel-first-child\" data-index=\"2\" data-style=\"{&quot;background_image_attachment&quot;:false,&quot;background_display&quot;:&quot;tile&quot;}\" >\t\t<div class=\"circle-icon-box circle-icon-position-top circle-icon-hide-box circle-icon-size-small \">\n\t\t\t\t\t\t\t<div class=\"circle-icon-wrapper\">\n\t\t\t\t\t\t\t\t\t\t<a href=\"https:\/\/zieglerwiesner.de\/wp-content\/uploads\/2021\/01\/Lieder-um-Liebe-und-Tod.pdf\" class=\"link-icon\" target=\"_blank\">\t\t\t\t\t<div class=\"circle-icon icon-style-set\" style=\"background-image: url(https:\/\/zieglerwiesner.de\/wp-content\/gallery\/galerie\/thumbs\/thumbs_konzerte.jpg)\">\n\t\t\t\t\t\t\t\t\t\t\t<\/div> \n\t\t\t\t\t<\/a>\t\t\t\t<\/div>\n\t\t\t\n\t\t\t\t\t\t\t<a href=\"https:\/\/zieglerwiesner.de\/wp-content\/uploads\/2021\/01\/Lieder-um-Liebe-und-Tod.pdf\" class=\"link-title\" target=\"_blank\">\n\t\t\t\t\t\t\t\t\t\t<h4 >\n\t\t\t\t\tLieder um Liebe und Tod\t\t\t\t<\/h4>\n\t\t\t\t\t\t\t\t\t\t<\/a>\n\t\t\t\n\t\t\t\t\t\t\t\t\t\t<a href=\"https:\/\/zieglerwiesner.de\/wp-content\/uploads\/2021\/01\/Lieder-um-Liebe-und-Tod.pdf\" class=\"more-button\" target=\"_blank\">Ein Abend mit Schubert, Brahms, Mahler und Debussy... <i><\/i><\/a>\n\t\t\t\t\t<\/div>\n\t\t<\/div>\n<div id=\"panel-549-0-1-1\" class=\"so-panel widget widget_circleicon-widget panel-last-child\" data-index=\"3\" data-style=\"{&quot;background_image_attachment&quot;:false,&quot;background_display&quot;:&quot;tile&quot;}\" >\t\t<div class=\"circle-icon-box circle-icon-position-top circle-icon-hide-box circle-icon-size-small \">\n\t\t\t\t\t\t\t<div class=\"circle-icon-wrapper\">\n\t\t\t\t\t\t\t\t\t\t<a href=\"https:\/\/zieglerwiesner.de\/wp-content\/uploads\/2021\/01\/wie-leise-Melodien.pdf\" class=\"link-icon\" target=\"_blank\">\t\t\t\t\t<div class=\"circle-icon icon-style-set\" style=\"background-image: url(https:\/\/zieglerwiesner.de\/wp-content\/gallery\/galerie\/presse.jpg)\">\n\t\t\t\t\t\t\t\t\t\t\t<\/div> \n\t\t\t\t\t<\/a>\t\t\t\t<\/div>\n\t\t\t\n\t\t\t\t\t\t\t<a href=\"https:\/\/zieglerwiesner.de\/wp-content\/uploads\/2021\/01\/wie-leise-Melodien.pdf\" class=\"link-title\" target=\"_blank\">\n\t\t\t\t\t\t\t\t\t\t<h4 >\n\t\t\t\t\t&#8230;wie leise Melodien\t\t\t\t<\/h4>\n\t\t\t\t\t\t\t\t\t\t<\/a>\n\t\t\t\n\t\t\t\t\t\t\t\t\t\t<a href=\"https:\/\/zieglerwiesner.de\/wp-content\/uploads\/2021\/01\/wie-leise-Melodien.pdf\" class=\"more-button\" target=\"_blank\">&quot;...sie schweben wieder wie leise Melodien vergessener sch\u00f6ner Lieder am blauen Himmel hin.&quot; (H. Hesse)  <i><\/i><\/a>\n\t\t\t\t\t<\/div>\n\t\t<\/div>\n<\/div>\n<div id=\"pgc-549-0-2\"  class=\"panel-grid-cell\"  data-weight=\"0.33333333333333\" >\n<div id=\"panel-549-0-2-0\" class=\"so-panel widget widget_circleicon-widget panel-first-child\" data-index=\"4\" data-style=\"{&quot;background_image_attachment&quot;:false,&quot;background_display&quot;:&quot;tile&quot;}\" >\t\t<div class=\"circle-icon-box circle-icon-position-top circle-icon-hide-box circle-icon-size-small \">\n\t\t\t\t\t\t\t<div class=\"circle-icon-wrapper\">\n\t\t\t\t\t\t\t\t\t\t<a href=\"https:\/\/zieglerwiesner.de\/wp-content\/uploads\/2021\/01\/In-einem-stillen-Garten....pdf\" class=\"link-icon\" target=\"_blank\">\t\t\t\t\t<div class=\"circle-icon icon-style-set\" style=\"background-image: url(https:\/\/zieglerwiesner.de\/wp-content\/gallery\/galerie\/verbeugen2.jpg)\">\n\t\t\t\t\t\t\t\t\t\t\t<\/div> \n\t\t\t\t\t<\/a>\t\t\t\t<\/div>\n\t\t\t\n\t\t\t\t\t\t\t<a href=\"https:\/\/zieglerwiesner.de\/wp-content\/uploads\/2021\/01\/In-einem-stillen-Garten....pdf\" class=\"link-title\" target=\"_blank\">\n\t\t\t\t\t\t\t\t\t\t<h4 >\n\t\t\t\t\tIn einem stillen Garten\t\t\t\t<\/h4>\n\t\t\t\t\t\t\t\t\t\t<\/a>\n\t\t\t\n\t\t\t\t\t\t\t\t\t\t<a href=\"https:\/\/zieglerwiesner.de\/wp-content\/uploads\/2021\/01\/In-einem-stillen-Garten....pdf\" class=\"more-button\" target=\"_blank\">Georges &quot;Buch der h\u00e4ngenden G\u00e4rten&quot; von Sch\u00f6nberg und andere botanische Bereicherungen der Liedwelt <i><\/i><\/a>\n\t\t\t\t\t<\/div>\n\t\t<\/div>\n<div id=\"panel-549-0-2-1\" class=\"so-panel widget widget_circleicon-widget panel-last-child\" data-index=\"5\" data-style=\"{&quot;background_image_attachment&quot;:false,&quot;background_display&quot;:&quot;tile&quot;}\" >\t\t<div class=\"circle-icon-box circle-icon-position-top circle-icon-hide-box circle-icon-size-small \">\n\t\t\t\t\t\t\t<div class=\"circle-icon-wrapper\">\n\t\t\t\t\t\t\t\t\t\t<a href=\"https:\/\/zieglerwiesner.de\/wp-content\/uploads\/2021\/01\/Lassen-Liszt-Strauss-Programm-1.pdf\" class=\"link-icon\" target=\"_blank\">\t\t\t\t\t<div class=\"circle-icon icon-style-set\" style=\"background-image: url(https:\/\/zieglerwiesner.de\/wp-content\/gallery\/galerie\/kontakt.jpg);background-color: #abafba\">\n\t\t\t\t\t\t\t\t\t\t\t<\/div> \n\t\t\t\t\t<\/a>\t\t\t\t<\/div>\n\t\t\t\n\t\t\t\t\t\t\t<a href=\"https:\/\/zieglerwiesner.de\/wp-content\/uploads\/2021\/01\/Lassen-Liszt-Strauss-Programm-1.pdf\" class=\"link-title\" target=\"_blank\">\n\t\t\t\t\t\t\t\t\t\t<h4 >\n\t\t\t\t\tStrauss &#8211; Lassen &#8211; Liszt \t\t\t\t<\/h4>\n\t\t\t\t\t\t\t\t\t\t<\/a>\n\t\t\t\n\t\t\t\t\t\t\t\t\t\t<a href=\"https:\/\/zieglerwiesner.de\/wp-content\/uploads\/2021\/01\/Lassen-Liszt-Strauss-Programm-1.pdf\" class=\"more-button\" target=\"_blank\">Weimarer Kapellmeister im Lied <i><\/i><\/a>\n\t\t\t\t\t<\/div>\n\t\t<\/div>\n<\/div>\n<\/div>\n<div id=\"pg-549-1\"  class=\"panel-grid panel-no-style\"  data-style=\"{&quot;background_image_attachment&quot;:false,&quot;background_display&quot;:&quot;tile&quot;,&quot;cell_alignment&quot;:&quot;flex-start&quot;}\"  data-ratio=\"1\"  data-ratio-direction=\"right\" >\n<div id=\"pgc-549-1-0\"  class=\"panel-grid-cell panel-grid-cell-empty\"  data-weight=\"0.33333333333333\" ><\/div>\n<div id=\"pgc-549-1-1\"  class=\"panel-grid-cell panel-grid-cell-empty panel-grid-cell-mobile-last\"  data-weight=\"0.33333333333333\" ><\/div>\n<div id=\"pgc-549-1-2\"  class=\"panel-grid-cell panel-grid-cell-empty\"  data-weight=\"0.33333333333333\" ><\/div>\n<\/div>\n<\/div>\n","protected":false},"excerpt":{"rendered":"","protected":false},"author":2,"featured_media":0,"parent":0,"menu_order":0,"comment_status":"closed","ping_status":"closed","template":"","meta":{"ngg_post_thumbnail":0},"_links":{"self":[{"href":"https:\/\/zieglerwiesner.de\/index.php?rest_route=\/wp\/v2\/pages\/549"}],"collection":[{"href":"https:\/\/zieglerwiesner.de\/index.php?rest_route=\/wp\/v2\/pages"}],"about":[{"href":"https:\/\/zieglerwiesner.de\/index.php?rest_route=\/wp\/v2\/types\/page"}],"author":[{"embeddable":true,"href":"https:\/\/zieglerwiesner.de\/index.php?rest_route=\/wp\/v2\/users\/2"}],"replies":[{"embeddable":true,"href":"https:\/\/zieglerwiesner.de\/index.php?rest_route=%2Fwp%2Fv2%2Fcomments&post=549"}],"version-history":[{"count":46,"href":"https:\/\/zieglerwiesner.de\/index.php?rest_route=\/wp\/v2\/pages\/549\/revisions"}],"predecessor-version":[{"id":668,"href":"https:\/\/zieglerwiesner.de\/index.php?rest_route=\/wp\/v2\/pages\/549\/revisions\/668"}],"wp:attachment":[{"href":"https:\/\/zieglerwiesner.de\/index.php?rest_route=%2Fwp%2Fv2%2Fmedia&parent=549"}],"curies":[{"name":"wp","href":"https:\/\/api.w.org\/{rel}","templated":true}]}}